{"id":1218,"date":"2025-06-30T16:55:11","date_gmt":"2025-06-30T14:55:11","guid":{"rendered":"https:\/\/www.ard-musikwettbewerb.de\/?post_type=musician&#038;p=1218"},"modified":"2025-09-09T20:36:44","modified_gmt":"2025-09-09T18:36:44","slug":"jinzhao-xu","status":"publish","type":"musician","link":"https:\/\/www.ard-musikwettbewerb.de\/en\/musician\/jinzhao-xu\/","title":{"rendered":"Jinzhao Xu"},"content":{"rendered":"\n<div class=\"wp-block-columns is-layout-flex wp-container-core-columns-is-layout-28f84493 wp-block-columns-is-layout-flex\">\n<div class=\"wp-block-column is-layout-flow wp-block-column-is-layout-flow\" style=\"flex-basis:50%\"><header class=\"musician--header has-xx-large-font-size\">\n    <h1 class=\"musician--title\">Jinzhao Xu<\/h1>\n    <\/header>\n\n\n<ul class=\"awards--list\"><\/ul>\n\n<ul class=\"instruments--list\"><li class=\"instruments--item\"><span class=\"tag\">Klavier<\/span><\/li><\/ul>\n\n\n<p class=\"musician--bio has-medium-font-size\"><\/p>\n\n\n\n<h2 class=\"wp-block-heading\">Wettbewerbsrepertoire<\/h2>\n\n\n\n<h4 class=\"wp-block-heading\">Erste Runde<\/h4>\n\n\n\n<ul class=\"wp-block-list\">\n<li>Domenico Scarlatti, Sonate K.98<\/li>\n\n\n\n<li>Johann Sebastian Bach, Das Wohltemperierte Klavier I: Pr\u00e4ludium und Fuge Nr. 17 BWV 862<\/li>\n\n\n\n<li>Fr\u00e9d\u00e9ric Chopin, Et\u00fcde op. 25 Nr. 11<\/li>\n\n\n\n<li>Pascal Dusapin, Piano Works Nr. 1, Did it again<\/li>\n<\/ul>\n\n\n\n<h4 class=\"wp-block-heading\">Zweite Runde<\/h4>\n\n\n\n<ul class=\"wp-block-list\">\n<li>Maurice Ravel, Miroirs, Nr. 1 bis Nr. 4<\/li>\n\n\n\n<li>Ludwig van Beethoven, Sonate op. 13 Nr. 8<\/li>\n\n\n\n<li>Franz Liszt, Rigoletto &#8211; Konzertparaphrase<\/li>\n<\/ul>\n\n\n\n<h4 class=\"wp-block-heading\">Semifinale<\/h4>\n\n\n\n<ul class=\"wp-block-list\">\n<li>Wolfgang Amadeus Mozart, Konzert f\u00fcr Klavier und Orchester KV 414<\/li>\n\n\n\n<li>Enno Poppe, Zaun f\u00fcr Klavier solo<\/li>\n<\/ul>\n\n\n\n<h4 class=\"wp-block-heading\">Finale<\/h4>\n\n\n\n<ul class=\"wp-block-list\">\n<li>Bohuslav Martin\u016f, Konzert Nr. 4, H op. 358<\/li>\n<\/ul>\n<\/div>\n\n\n\n<div class=\"wp-block-column is-layout-flow wp-block-column-is-layout-flow\" style=\"flex-basis:16.67%\"><\/div>\n\n\n\n<div class=\"wp-block-column is-layout-flow wp-block-column-is-layout-flow\" style=\"flex-basis:33.33%\"><figure class=\"wp-block-post-featured-image\"><img loading=\"lazy\" decoding=\"async\" width=\"480\" height=\"650\" src=\"https:\/\/www.ard-musikwettbewerb.de\/app\/uploads\/2025\/06\/Klavier_Xu_Jinzhao_1581881_photo-480x650.jpg\" class=\"attachment-musicians size-musicians wp-post-image\" alt=\"\" style=\"object-fit:cover;\" srcset=\"https:\/\/www.ard-musikwettbewerb.de\/app\/uploads\/2025\/06\/Klavier_Xu_Jinzhao_1581881_photo-480x650.jpg 480w, https:\/\/www.ard-musikwettbewerb.de\/app\/uploads\/2025\/06\/Klavier_Xu_Jinzhao_1581881_photo-480x650@2x.jpg 960w\" sizes=\"auto, (max-width: 480px) 100vw, 480px\" \/><\/figure><\/div>\n<\/div>\n\n\n\n<p><\/p>\n","protected":false},"featured_media":1221,"template":"","meta":{"_acf_changed":false,"_relevanssi_hide_post":"","_relevanssi_hide_content":"","_relevanssi_pin_for_all":"","_relevanssi_pin_keywords":"","_relevanssi_unpin_keywords":"","_relevanssi_related_keywords":"","_relevanssi_related_include_ids":"","_relevanssi_related_exclude_ids":"","_relevanssi_related_no_append":"","_relevanssi_related_not_related":"","_relevanssi_related_posts":"","_relevanssi_noindex_reason":"","location":"","awards":"1","footnotes":""},"instrument":[10],"position":[],"class_list":["post-1218","musician","type-musician","status-publish","has-post-thumbnail","hentry","instrument-klavier"],"acf":[],"_links":{"self":[{"href":"https:\/\/www.ard-musikwettbewerb.de\/en\/wp-json\/wp\/v2\/musician\/1218","targetHints":{"allow":["GET"]}}],"collection":[{"href":"https:\/\/www.ard-musikwettbewerb.de\/en\/wp-json\/wp\/v2\/musician"}],"about":[{"href":"https:\/\/www.ard-musikwettbewerb.de\/en\/wp-json\/wp\/v2\/types\/musician"}],"version-history":[{"count":5,"href":"https:\/\/www.ard-musikwettbewerb.de\/en\/wp-json\/wp\/v2\/musician\/1218\/revisions"}],"predecessor-version":[{"id":7513,"href":"https:\/\/www.ard-musikwettbewerb.de\/en\/wp-json\/wp\/v2\/musician\/1218\/revisions\/7513"}],"wp:featuredmedia":[{"embeddable":true,"href":"https:\/\/www.ard-musikwettbewerb.de\/en\/wp-json\/wp\/v2\/media\/1221"}],"wp:attachment":[{"href":"https:\/\/www.ard-musikwettbewerb.de\/en\/wp-json\/wp\/v2\/media?parent=1218"}],"wp:term":[{"taxonomy":"instrument","embeddable":true,"href":"https:\/\/www.ard-musikwettbewerb.de\/en\/wp-json\/wp\/v2\/instrument?post=1218"},{"taxonomy":"position","embeddable":true,"href":"https:\/\/www.ard-musikwettbewerb.de\/en\/wp-json\/wp\/v2\/position?post=1218"}],"curies":[{"name":"wp","href":"https:\/\/api.w.org\/{rel}","templated":true}]}}