{"id":2005,"date":"2025-05-21T17:13:56","date_gmt":"2025-05-21T15:13:56","guid":{"rendered":"https:\/\/www.ard-musikwettbewerb.de\/wettbewerb-2025\/"},"modified":"2026-04-13T13:18:29","modified_gmt":"2026-04-13T11:18:29","slug":"competition-2026","status":"publish","type":"page","link":"https:\/\/www.ard-musikwettbewerb.de\/en\/competition-2026\/","title":{"rendered":"Competition 2026"},"content":{"rendered":"\n<div class=\"wp-block-cover is-light\"><img loading=\"lazy\" decoding=\"async\" width=\"2880\" height=\"1080\" class=\"wp-block-cover__image-background wp-image-2437 size-full\" alt=\"\" src=\"https:\/\/www.ard-musikwettbewerb.de\/app\/uploads\/2025\/07\/IMW_ARD_2019_Klarinette-Probe-Finale-_Joe-Christophe_-\u00a9Daniel-Delang_MG_1577-2blur.jpg\" data-object-fit=\"cover\" srcset=\"https:\/\/www.ard-musikwettbewerb.de\/app\/uploads\/2025\/07\/IMW_ARD_2019_Klarinette-Probe-Finale-_Joe-Christophe_-\u00a9Daniel-Delang_MG_1577-2blur-1440x540@2x.jpg 2880w, https:\/\/www.ard-musikwettbewerb.de\/app\/uploads\/2025\/07\/IMW_ARD_2019_Klarinette-Probe-Finale-_Joe-Christophe_-\u00a9Daniel-Delang_MG_1577-2blur-640x240.jpg 640w, https:\/\/www.ard-musikwettbewerb.de\/app\/uploads\/2025\/07\/IMW_ARD_2019_Klarinette-Probe-Finale-_Joe-Christophe_-\u00a9Daniel-Delang_MG_1577-2blur-300x113.jpg 300w, https:\/\/www.ard-musikwettbewerb.de\/app\/uploads\/2025\/07\/IMW_ARD_2019_Klarinette-Probe-Finale-_Joe-Christophe_-\u00a9Daniel-Delang_MG_1577-2blur-768x288.jpg 768w, https:\/\/www.ard-musikwettbewerb.de\/app\/uploads\/2025\/07\/IMW_ARD_2019_Klarinette-Probe-Finale-_Joe-Christophe_-\u00a9Daniel-Delang_MG_1577-2blur-1024x384.jpg 1024w, https:\/\/www.ard-musikwettbewerb.de\/app\/uploads\/2025\/07\/IMW_ARD_2019_Klarinette-Probe-Finale-_Joe-Christophe_-\u00a9Daniel-Delang_MG_1577-2blur-1536x576.jpg 1536w, https:\/\/www.ard-musikwettbewerb.de\/app\/uploads\/2025\/07\/IMW_ARD_2019_Klarinette-Probe-Finale-_Joe-Christophe_-\u00a9Daniel-Delang_MG_1577-2blur-2048x768.jpg 2048w, https:\/\/www.ard-musikwettbewerb.de\/app\/uploads\/2025\/07\/IMW_ARD_2019_Klarinette-Probe-Finale-_Joe-Christophe_-\u00a9Daniel-Delang_MG_1577-2blur-1440x540.jpg 1440w, https:\/\/www.ard-musikwettbewerb.de\/app\/uploads\/2025\/07\/IMW_ARD_2019_Klarinette-Probe-Finale-_Joe-Christophe_-\u00a9Daniel-Delang_MG_1577-2blur-300x113@2x.jpg 600w\" sizes=\"auto, (max-width: 2880px) 100vw, 2880px\" \/><span aria-hidden=\"true\" class=\"wp-block-cover__background has-background-dim-0 has-background-dim\" style=\"background-color:#a0937b\"><\/span><div class=\"wp-block-cover__inner-container is-layout-constrained wp-block-cover-is-layout-constrained\">\n<p class=\"has-text-align-center has-white-color has-text-color has-link-color has-xx-large-font-size wp-elements-4e5d611c613ff88e155d6d1badecc65b\">COMPETITION<br>30.8.\u201318.9.2026<\/p>\n<\/div><\/div>\n\n\n\n<div class=\"wp-block-group has-light-background-color has-background is-layout-constrained wp-block-group-is-layout-constrained\">\n<p class=\"has-xx-large-font-size\" style=\"border-style:none;border-width:0px\">BASSOON<br>PERCUSSION<br>STRING QUARTET<br>ORGAN<br><\/p>\n<\/div>\n\n\n\n<div class=\"wp-block-columns is-layout-flex wp-container-core-columns-is-layout-51c8ea2e wp-block-columns-is-layout-flex\" style=\"padding-top:0;padding-bottom:0\">\n<div class=\"wp-block-column is-layout-flow wp-block-column-is-layout-flow\">\n<div class=\"wp-block-cover is-style-cover-size-by-image has-white-color has-text-color has-link-color wp-elements-5a573e8a6a76001ec5771edc50ef1861\"><img loading=\"lazy\" decoding=\"async\" width=\"480\" height=\"650\" class=\"wp-block-cover__image-background wp-image-8318 size-musicians\" alt=\"\" src=\"https:\/\/www.ard-musikwettbewerb.de\/app\/uploads\/2025\/11\/IMW_ARD_2019_Finale-Fagott_Theo-Plath\u00a9Daniel-Delang-36-480x650.jpg\" data-object-fit=\"cover\" srcset=\"https:\/\/www.ard-musikwettbewerb.de\/app\/uploads\/2025\/11\/IMW_ARD_2019_Finale-Fagott_Theo-Plath\u00a9Daniel-Delang-36-480x650.jpg 480w, https:\/\/www.ard-musikwettbewerb.de\/app\/uploads\/2025\/11\/IMW_ARD_2019_Finale-Fagott_Theo-Plath\u00a9Daniel-Delang-36-480x650@2x.jpg 960w\" sizes=\"auto, (max-width: 480px) 100vw, 480px\" \/><span aria-hidden=\"true\" class=\"wp-block-cover__background has-background-dim-0 has-background-dim\" style=\"background-color:#3c332d\"><\/span><div class=\"wp-block-cover__inner-container is-layout-constrained wp-block-cover-is-layout-constrained\">\n<p class=\"has-text-align-center has-large-font-size\">Bassoon<\/p>\n\n\n\n<div class=\"wp-block-buttons is-content-justification-center is-layout-flex wp-container-core-buttons-is-layout-a89b3969 wp-block-buttons-is-layout-flex\">\n<div class=\"wp-block-button\"><a class=\"wp-block-button__link wp-element-button\" href=\"https:\/\/www.ard-musikwettbewerb.de\/en\/competition-2026\/bassoon\/\"><svg xmlns=\"http:\/\/www.w3.org\/2000\/svg\" viewBox=\"0 0 24 24\" style=\"width:1em;height:1em;margin-right:0.3em;vertical-align:middle\" role=\"img\" aria-hidden=\"true\" focusable=\"false\"><path d=\"M14 3l7 7-7 7M3 10h18\" stroke=\"currentColor\" stroke-width=\"2\" fill=\"none\"\/><\/svg>More Information<\/a><\/div>\n<\/div>\n<\/div><\/div>\n<\/div>\n\n\n\n<div class=\"wp-block-column is-layout-flow wp-block-column-is-layout-flow\">\n<div class=\"wp-block-cover is-style-cover-size-by-image has-white-color has-text-color has-link-color wp-elements-29b105ac1353fb7e2f89aeea4521a19e\"><img decoding=\"async\" class=\"wp-block-cover__image-background wp-image-8435 size-musicians\" alt=\"\" src=\"https:\/\/www.ard-musikwettbewerb.de\/app\/uploads\/2025\/11\/IMW_ARD_SimoneRubino_Probe_cDanielDelang_2293-lg-480x650.jpg\" data-object-fit=\"cover\"\/><span aria-hidden=\"true\" class=\"wp-block-cover__background has-background-dim-0 has-background-dim\" style=\"background-color:#7b5e49\"><\/span><div class=\"wp-block-cover__inner-container is-layout-constrained wp-block-cover-is-layout-constrained\">\n<p class=\"has-text-align-center has-large-font-size\">Percussion<\/p>\n\n\n\n<div class=\"wp-block-buttons is-content-justification-center is-layout-flex wp-container-core-buttons-is-layout-a89b3969 wp-block-buttons-is-layout-flex\">\n<div class=\"wp-block-button\"><a class=\"wp-block-button__link wp-element-button\" href=\"https:\/\/www.ard-musikwettbewerb.de\/en\/competition-2026\/percussion\/\"><svg xmlns=\"http:\/\/www.w3.org\/2000\/svg\" viewBox=\"0 0 24 24\" style=\"width:1em;height:1em;margin-right:0.3em;vertical-align:middle\" role=\"img\" aria-hidden=\"true\" focusable=\"false\"><path d=\"M14 3l7 7-7 7M3 10h18\" stroke=\"currentColor\" stroke-width=\"2\" fill=\"none\"\/><\/svg>More Information<\/a><\/div>\n<\/div>\n<\/div><\/div>\n<\/div>\n\n\n\n<div class=\"wp-block-column is-layout-flow wp-block-column-is-layout-flow\">\n<div class=\"wp-block-cover is-style-cover-size-by-image has-white-color has-text-color has-link-color wp-elements-030e20a643e6667388524b34464b29dd\"><img decoding=\"async\" class=\"wp-block-cover__image-background wp-image-8436 size-musicians\" alt=\"\" src=\"https:\/\/www.ard-musikwettbewerb.de\/app\/uploads\/2025\/11\/IMW_ARD_2022_Barbican_FinaleStreichquartett_E4A1904_cDanielDelang-lg-480x650.jpg\" data-object-fit=\"cover\"\/><span aria-hidden=\"true\" class=\"wp-block-cover__background has-background-dim-0 has-background-dim\" style=\"background-color:#342c26\"><\/span><div class=\"wp-block-cover__inner-container is-layout-constrained wp-block-cover-is-layout-constrained\">\n<p class=\"has-text-align-center has-large-font-size\">String Quartett<\/p>\n\n\n\n<div class=\"wp-block-buttons is-content-justification-center is-layout-flex wp-container-core-buttons-is-layout-a89b3969 wp-block-buttons-is-layout-flex\">\n<div class=\"wp-block-button\"><a class=\"wp-block-button__link wp-element-button\" href=\"https:\/\/www.ard-musikwettbewerb.de\/en\/competition-2026\/stringquartet\/\"><svg xmlns=\"http:\/\/www.w3.org\/2000\/svg\" viewBox=\"0 0 24 24\" style=\"width:1em;height:1em;margin-right:0.3em;vertical-align:middle\" role=\"img\" aria-hidden=\"true\" focusable=\"false\"><path d=\"M14 3l7 7-7 7M3 10h18\" stroke=\"currentColor\" stroke-width=\"2\" fill=\"none\"\/><\/svg>More Information<\/a><\/div>\n<\/div>\n<\/div><\/div>\n<\/div>\n\n\n\n<div class=\"wp-block-column is-layout-flow wp-block-column-is-layout-flow\">\n<div class=\"wp-block-cover is-style-cover-size-by-image has-white-color has-text-color has-link-color wp-elements-e25221f18a014ef1d4d9542f1dcbb192\"><img loading=\"lazy\" decoding=\"async\" width=\"480\" height=\"650\" class=\"wp-block-cover__image-background wp-image-8322 size-musicians\" alt=\"\" src=\"https:\/\/www.ard-musikwettbewerb.de\/app\/uploads\/2025\/11\/Minkyung_Chu_IMW_ARD_2025cDanielDelang_DEL-1324-480x650.jpg\" data-object-fit=\"cover\" srcset=\"https:\/\/www.ard-musikwettbewerb.de\/app\/uploads\/2025\/11\/Minkyung_Chu_IMW_ARD_2025cDanielDelang_DEL-1324-480x650.jpg 480w, https:\/\/www.ard-musikwettbewerb.de\/app\/uploads\/2025\/11\/Minkyung_Chu_IMW_ARD_2025cDanielDelang_DEL-1324-480x650@2x.jpg 960w\" sizes=\"auto, (max-width: 480px) 100vw, 480px\" \/><span aria-hidden=\"true\" class=\"wp-block-cover__background has-background-dim-0 has-background-dim\" style=\"background-color:#452e14\"><\/span><div class=\"wp-block-cover__inner-container is-layout-constrained wp-block-cover-is-layout-constrained\">\n<p class=\"has-text-align-center has-large-font-size\">Organ<\/p>\n\n\n\n<div class=\"wp-block-buttons is-content-justification-center is-layout-flex wp-container-core-buttons-is-layout-a89b3969 wp-block-buttons-is-layout-flex\">\n<div class=\"wp-block-button\"><a class=\"wp-block-button__link wp-element-button\" href=\"https:\/\/www.ard-musikwettbewerb.de\/en\/competition-2026\/organ\/\"><svg xmlns=\"http:\/\/www.w3.org\/2000\/svg\" viewBox=\"0 0 24 24\" style=\"width:1em;height:1em;margin-right:0.3em;vertical-align:middle\" role=\"img\" aria-hidden=\"true\" focusable=\"false\"><path d=\"M14 3l7 7-7 7M3 10h18\" stroke=\"currentColor\" stroke-width=\"2\" fill=\"none\"\/><\/svg>More Information<\/a><\/div>\n<\/div>\n<\/div><\/div>\n<\/div>\n<\/div>\n\n\n\n<div class=\"wp-block-columns has-light-grey-background-color has-background is-layout-flex wp-container-core-columns-is-layout-28f84493 wp-block-columns-is-layout-flex\">\n<div class=\"wp-block-column is-layout-flow wp-block-column-is-layout-flow\">\n<h3 class=\"wp-block-heading\" style=\"border-style:none;border-width:0px\">CURRENT INFORMATION &amp; SERVICE<\/h3>\n\n\n\n<div style=\"height:var(--wp--preset--spacing--80)\" aria-hidden=\"true\" class=\"wp-block-spacer\"><\/div>\n\n\n\n<p>In 2026, the ARD International Music Competition will celebrate its 75th anniversary with a spectacular combination of disciplines:<br>The organ discipline will return after 15 years \u2013 one competition round will take place in St. Michael&#8217;s Church in the heart of Munich. Another new location will host the first two rounds of the string quartet discipline: the Amerikahaus on Karolinenplatz.<br>Bassoon players and percussionists will give their best at the Munich University of Music and Performing Arts.<\/p>\n\n\n\n<p>The application period has ended.  Once the preselection jury has completed its work, the results will be published on this website.<\/p>\n\n\n\n<p>The candidates will be judged by world-famous jury members, including Martin Grubinger, Gustavo N\u00fa\u00f1ez, Sophie Derveaux, Thierry Escaich, Vineta Sareika, Pierre Colombet and Veronika Hagen.<\/p>\n\n\n\n<div style=\"height:100px\" aria-hidden=\"true\" class=\"wp-block-spacer\"><\/div>\n\n\n\n<div style=\"height:0px\" aria-hidden=\"true\" class=\"wp-block-spacer\"><\/div>\n\n\n\n<div class=\"wp-block-buttons is-vertical is-layout-flex wp-container-core-buttons-is-layout-2c242b0c wp-block-buttons-is-layout-flex\" style=\"margin-top:var(--wp--preset--spacing--blank-02);margin-bottom:var(--wp--preset--spacing--blank-02)\">\n<div class=\"wp-block-button is-style-outline is-style-outline--1\"><a class=\"wp-block-button__link wp-element-button\" href=\"https:\/\/www.ard-musikwettbewerb.de\/app\/uploads\/2025\/12\/Ausschreibung_en_2026_FINAL-Dez.pdf\"><svg xmlns=\"http:\/\/www.w3.org\/2000\/svg\" viewBox=\"0 0 24 24\" style=\"width:1em;height:1em;margin-right:0.3em;vertical-align:middle\" role=\"img\" aria-hidden=\"true\" focusable=\"false\"><path d=\"M14 3l7 7-7 7M3 10h18\" stroke=\"currentColor\" stroke-width=\"2\" fill=\"none\"\/><\/svg>DOWNLOAD GENERAL CONDITIONS<\/a><\/div>\n<\/div>\n\n\n\n<div class=\"wp-block-buttons is-vertical is-layout-flex wp-container-core-buttons-is-layout-2c242b0c wp-block-buttons-is-layout-flex\" style=\"margin-top:var(--wp--preset--spacing--blank-02);margin-bottom:var(--wp--preset--spacing--blank-02)\">\n<div class=\"wp-block-button is-style-outline is-style-outline--2\"><a class=\"wp-block-button__link wp-element-button\" href=\"https:\/\/www.ard-musikwettbewerb.de\/app\/uploads\/2025\/11\/251118_IMW_Formular_Neutral_Decleration_Engineer01.pdf\"><svg xmlns=\"http:\/\/www.w3.org\/2000\/svg\" viewBox=\"0 0 24 24\" style=\"width:1em;height:1em;margin-right:0.3em;vertical-align:middle\" role=\"img\" aria-hidden=\"true\" focusable=\"false\"><path d=\"M14 3l7 7-7 7M3 10h18\" stroke=\"currentColor\" stroke-width=\"2\" fill=\"none\"\/><\/svg>DECLARATION VIDEO RECORDING<\/a><\/div>\n<\/div>\n\n\n\n<div class=\"wp-block-buttons is-vertical is-layout-flex wp-container-core-buttons-is-layout-2c242b0c wp-block-buttons-is-layout-flex\" style=\"margin-top:var(--wp--preset--spacing--blank-02);margin-bottom:var(--wp--preset--spacing--blank-02)\">\n<div class=\"wp-block-button is-style-outline is-style-outline--3\"><a class=\"wp-block-button__link wp-element-button\" href=\"https:\/\/www.ard-musikwettbewerb.de\/app\/uploads\/2025\/12\/ARD-Musikwettbewerb-Aufbau-Finale-CERHA-Fassung-2.pdf\" target=\"_blank\" rel=\"noreferrer noopener\"><svg xmlns=\"http:\/\/www.w3.org\/2000\/svg\" viewBox=\"0 0 24 24\" style=\"width:1em;height:1em;margin-right:0.3em;vertical-align:middle\" role=\"img\" aria-hidden=\"true\" focusable=\"false\"><path d=\"M14 3l7 7-7 7M3 10h18\" stroke=\"currentColor\" stroke-width=\"2\" fill=\"none\"\/><\/svg>FURTHER INFORMATION PERCUSSION<\/a><\/div>\n<\/div>\n\n\n\n<div class=\"wp-block-buttons is-vertical is-layout-flex wp-container-core-buttons-is-layout-2c242b0c wp-block-buttons-is-layout-flex\" style=\"margin-top:var(--wp--preset--spacing--blank-02);margin-bottom:var(--wp--preset--spacing--blank-02)\">\n<div class=\"wp-block-button is-style-outline is-style-outline--4\"><a class=\"wp-block-button__link wp-element-button\" href=\"https:\/\/www.ard-musikwettbewerb.de\/app\/uploads\/2026\/01\/Organs-at-ARD-International-Music-Competition-2026_NEU.pdf\"><svg xmlns=\"http:\/\/www.w3.org\/2000\/svg\" viewBox=\"0 0 24 24\" style=\"width:1em;height:1em;margin-right:0.3em;vertical-align:middle\" role=\"img\" aria-hidden=\"true\" focusable=\"false\"><path d=\"M14 3l7 7-7 7M3 10h18\" stroke=\"currentColor\" stroke-width=\"2\" fill=\"none\"\/><\/svg>FURTHER INFORMATION ORGAN<\/a><\/div>\n\n\n\n<div class=\"wp-block-button is-style-outline is-style-outline--5\"><a class=\"wp-block-button__link wp-element-button\" href=\"https:\/\/www.ard-musikwettbewerb.de\/app\/uploads\/2026\/01\/Jury-Guidelines-2026.pdf\"><svg xmlns=\"http:\/\/www.w3.org\/2000\/svg\" viewBox=\"0 0 24 24\" style=\"width:1em;height:1em;margin-right:0.3em;vertical-align:middle\" role=\"img\" aria-hidden=\"true\" focusable=\"false\"><path d=\"M14 3l7 7-7 7M3 10h18\" stroke=\"currentColor\" stroke-width=\"2\" fill=\"none\"\/><\/svg>JURY GUIDELINES 2026<\/a><\/div>\n<\/div>\n\n\n\n<div style=\"height:100px\" aria-hidden=\"true\" class=\"wp-block-spacer\"><\/div>\n<\/div>\n\n\n\n<div class=\"wp-block-column is-layout-flow wp-block-column-is-layout-flow\"><\/div>\n<\/div>\n\n\n\n<div class=\"wp-block-columns has-light-grey-background-color has-background is-layout-flex wp-container-core-columns-is-layout-28f84493 wp-block-columns-is-layout-flex\">\n<div class=\"wp-block-column is-layout-flow wp-block-column-is-layout-flow\">\n<h2 class=\"wp-block-heading\">TIMETABLE 2026<\/h2>\n\n\n\n<p>BASSOON<\/p>\n\n\n\n<p>Wednesday, 2 September: Start of 1st round<br>Saturday, 5 September: Start of 2nd round<br>Tuesday, 8 September: Semi-finals<br>Friday, 11 September: Finals<\/p>\n\n\n\n<p><\/p>\n\n\n\n<p>ORGAN<\/p>\n\n\n\n<p>Sunday, 30 August: Start of 1st round<br>Friday, 4 and Saturday, 5 September: Semi-finals<br>Wednesday, 9 September: Finals<\/p>\n\n\n\n<p><\/p>\n\n\n\n<p>PERCUSSION<\/p>\n\n\n\n<p>Friday, 4 September: Start of 1st round<br>Monday, 7 September: Start of 2nd round<br>Thursday, 10 September: Semi-finals<br>Sunday, 13 September: Finals<\/p>\n\n\n\n<p><\/p>\n\n\n\n<p>STRING QUARTET<\/p>\n\n\n\n<p>Friday, 4 September: Start of 1st round<\/p>\n\n\n\n<p>Monday, 7 September: Start of 2nd round<br>Thursday, 10 September: Semi-finals<br>Saturday, 12 September: Finals<\/p>\n<\/div>\n\n\n\n<div class=\"wp-block-column is-layout-flow wp-block-column-is-layout-flow\">\n<h2 class=\"wp-block-heading\">Concert of price winners<\/h2>\n\n\n\n<p>CHAMBER CONCERT<br>Wednesday, 16 September, 8 p.m.<\/p>\n\n\n\n<p>CONCERT WITH THE MUNICH CHAMBER ORCHESTRA<br>Thursday, 17 September, 8 p.m.<\/p>\n\n\n\n<p>CONCERT WITH THE SYMPHONY ORCHESTRA<br>OF BAVARIAN RADIO<br>Friday, 18 September, 8 p.m.<\/p>\n<\/div>\n\n\n\n<div class=\"wp-block-column is-layout-flow wp-block-column-is-layout-flow\">\n<h2 class=\"wp-block-heading\">Jury<\/h2>\n\n\n\n<p>JURY BASSOON<\/p>\n\n\n\n<p>Gustavo N\u00fa\u00f1ez, Uruguay, Chairperson<br>Sophie Dervaux, France<br>Krisztina Faludy, Austria<br>Andrea Merenzon, Argentina<br>Maria Jos\u00e9 Rielo Blanco, Spain<br>Johannes Schwarz, Germany<br>Eyal Streett, Israel<\/p>\n\n\n\n<p>JURY ORGAN<\/p>\n\n\n\n<p>Andres Uibo, Estland, Chairperson<br>Sophie-V\u00e9ronique Cauchefer-Choplin, France<br>Thierry Escaich, France<br>Zuzana Ferjencikova, Slovakia<br>Peter Kofler Germany\/Italy<br>Gianluca Libertucci, Italy<br>Kimberly Marshall, USA<\/p>\n\n\n\n<p>JURY PERCUSSION<\/p>\n\n\n\n<p>Martin Grubinger, Austria, Chairperson<br>Camille Basl\u00e9, France<br>Johannes Fischer, Germany<br>Sanja Fister, Germany\/Croatia<br>Timothy Genis, USA<br>Marta Klimasara, Germany\/Poland<br>Vassilena Serafimova, Bulgaria\/France<\/p>\n\n\n\n<p>JURY STRING QUARTET<\/p>\n\n\n\n<p>Vineta Sareika, Germany\/Latvia, Chairperson<br>Pierre Colombet, France<br>Veronika Hagen, Austria<br>Fran\u00e7ois Kieffer, France<br>Asbj\u00f8rn N\u00f8rgaard, Denmark<br>Arnau Tom\u00e0s Realp, Spain<br>Pawel Zalejski, Poland<\/p>\n<\/div>\n<\/div>\n","protected":false},"excerpt":{"rendered":"<p>BASSOONPERCUSSIONSTRING QUARTETORGAN CURRENT INFORMATION &amp; SERVICE In 2026, the ARD International Music Competition will celebrate its 75th anniversary with a spectacular combination of disciplines:The organ discipline will return after 15 years \u2013 one competition round will take place in St. Michael&#8217;s Church in the heart of Munich. Another new location will host the first two [&hellip;]<\/p>\n","protected":false},"author":1,"featured_media":0,"parent":0,"menu_order":0,"comment_status":"closed","ping_status":"closed","template":"","meta":{"_acf_changed":false,"_relevanssi_hide_post":"","_relevanssi_hide_content":"","_relevanssi_pin_for_all":"","_relevanssi_pin_keywords":"","_relevanssi_unpin_keywords":"","_relevanssi_related_keywords":"","_relevanssi_related_include_ids":"","_relevanssi_related_exclude_ids":"","_relevanssi_related_no_append":"","_relevanssi_related_not_related":"","_relevanssi_related_posts":"","_relevanssi_noindex_reason":"","footnotes":""},"class_list":["post-2005","page","type-page","status-publish","hentry"],"acf":[],"_links":{"self":[{"href":"https:\/\/www.ard-musikwettbewerb.de\/en\/wp-json\/wp\/v2\/pages\/2005","targetHints":{"allow":["GET"]}}],"collection":[{"href":"https:\/\/www.ard-musikwettbewerb.de\/en\/wp-json\/wp\/v2\/pages"}],"about":[{"href":"https:\/\/www.ard-musikwettbewerb.de\/en\/wp-json\/wp\/v2\/types\/page"}],"author":[{"embeddable":true,"href":"https:\/\/www.ard-musikwettbewerb.de\/en\/wp-json\/wp\/v2\/users\/1"}],"replies":[{"embeddable":true,"href":"https:\/\/www.ard-musikwettbewerb.de\/en\/wp-json\/wp\/v2\/comments?post=2005"}],"version-history":[{"count":72,"href":"https:\/\/www.ard-musikwettbewerb.de\/en\/wp-json\/wp\/v2\/pages\/2005\/revisions"}],"predecessor-version":[{"id":9861,"href":"https:\/\/www.ard-musikwettbewerb.de\/en\/wp-json\/wp\/v2\/pages\/2005\/revisions\/9861"}],"wp:attachment":[{"href":"https:\/\/www.ard-musikwettbewerb.de\/en\/wp-json\/wp\/v2\/media?parent=2005"}],"curies":[{"name":"wp","href":"https:\/\/api.w.org\/{rel}","templated":true}]}}